{"id":234,"date":"2022-10-05T19:46:36","date_gmt":"2022-10-05T19:46:36","guid":{"rendered":"https:\/\/www.turulcolinelor.ro\/?page_id=234"},"modified":"2025-04-08T06:48:57","modified_gmt":"2025-04-08T06:48:57","slug":"declaratii","status":"publish","type":"page","link":"https:\/\/www.turulcolinelor.ro\/en\/declaratii\/","title":{"rendered":"Declarations"},"content":{"rendered":"<div class=\"vc_row wpb_row vc_row-fluid\"><div class=\"wpb_column vc_column_container vc_col-sm-12\"><div class=\"vc_column-inner\"><div class=\"wpb_wrapper\"><div class=\"vc_separator wpb_content_element vc_separator_align_center vc_sep_width_100 vc_sep_border_width_4 vc_sep_pos_align_center vc_sep_color_sky vc_separator-has-text\" ><span class=\"vc_sep_holder vc_sep_holder_l\"><span  class=\"vc_sep_line\"><\/span><\/span><h4>Declara\u021bie pe proprie r\u0103spundere \u0219i acord participare minor<\/h4><span class=\"vc_sep_holder vc_sep_holder_r\"><span  class=\"vc_sep_line\"><\/span><\/span>\n<\/div><\/div><\/div><\/div><\/div><div class=\"vc_row wpb_row vc_row-fluid\"><div class=\"wpb_column vc_column_container vc_col-sm-6\"><div class=\"vc_column-inner\"><div class=\"wpb_wrapper\"><div class=\"vc_btn3-container vc_btn3-center\" ><a class=\"vc_general vc_btn3 vc_btn3-size-md vc_btn3-shape-rounded vc_btn3-style-3d vc_btn3-block vc_btn3-icon-left vc_btn3-color-sky\" href=\"https:\/\/www.turulcolinelor.ro\/wp-content\/uploads\/2025\/04\/declaratie-proprie-raspundere-turul-colinelor-bacau-2025.pdf\" title=\"Declara\u021bie pe proprie r\u0103spundere\" target=\"_blank\"><i class=\"vc_btn3-icon fas fa-file-signature\"><\/i> Declara\u021bie pe proprie r\u0103spundere<\/a><\/div><\/div><\/div><\/div><div class=\"wpb_column vc_column_container vc_col-sm-6\"><div class=\"vc_column-inner\"><div class=\"wpb_wrapper\"><div class=\"vc_btn3-container vc_btn3-center\" ><a class=\"vc_general vc_btn3 vc_btn3-size-md vc_btn3-shape-rounded vc_btn3-style-3d vc_btn3-block vc_btn3-icon-left vc_btn3-color-sky\" href=\"https:\/\/www.turulcolinelor.ro\/wp-content\/uploads\/2025\/04\/acord-participare-minor-turul-colinelor-bacau-2025.pdf\" title=\"Acord participare minor\" target=\"_blank\"><i class=\"vc_btn3-icon fas fa-file-signature\"><\/i> Acord participare minor<\/a><\/div><\/div><\/div><\/div><\/div>","protected":false},"excerpt":{"rendered":"<p>Declara\u021bie pe proprie r\u0103spundere \u0219i acord participare minor Declara\u021bie pe proprie r\u0103spundere Acord participare minor<\/p>","protected":false},"author":1,"featured_media":0,"parent":0,"menu_order":0,"comment_status":"closed","ping_status":"closed","template":"","meta":{"footnotes":""},"class_list":["post-234","page","type-page","status-publish","hentry","description-off"],"yoast_head":"<!-- This site is optimized with the Yoast SEO plugin v25.3 - https:\/\/yoast.com\/wordpress\/plugins\/seo\/ -->\n<title>Declara\u021bii - Turul Colinelor Bac\u0103u<\/title>\n<meta name=\"description\" content=\"declara\u021bie pe proprie r\u0103spundere \u0219i acord participare minor la competi\u021bia Turul Colinelor Bacau 2022\" \/>\n<meta name=\"robots\" content=\"index, follow, max-snippet:-1, max-image-preview:large, max-video-preview:-1\" \/>\n<link rel=\"canonical\" href=\"https:\/\/www.turulcolinelor.ro\/en\/declaratii\/\" \/>\n<meta property=\"og:locale\" content=\"en_GB\" \/>\n<meta property=\"og:type\" content=\"article\" \/>\n<meta property=\"og:title\" content=\"Declara\u021bii - Turul Colinelor Bac\u0103u\" \/>\n<meta property=\"og:description\" content=\"declara\u021bie pe proprie r\u0103spundere \u0219i acord participare minor la competi\u021bia Turul Colinelor Bacau 2022\" \/>\n<meta property=\"og:url\" content=\"https:\/\/www.turulcolinelor.ro\/en\/declaratii\/\" \/>\n<meta property=\"og:site_name\" content=\"Turul Colinelor Bac\u0103u\" \/>\n<meta property=\"article:modified_time\" content=\"2025-04-08T06:48:57+00:00\" \/>\n<meta name=\"twitter:card\" content=\"summary_large_image\" \/>\n<meta name=\"twitter:label1\" content=\"Estimated reading time\" \/>\n\t<meta name=\"twitter:data1\" content=\"1 minute\" \/>\n<script type=\"application\/ld+json\" class=\"yoast-schema-graph\">{\"@context\":\"https:\/\/schema.org\",\"@graph\":[{\"@type\":\"WebPage\",\"@id\":\"https:\/\/www.turulcolinelor.ro\/declaratii\/\",\"url\":\"https:\/\/www.turulcolinelor.ro\/declaratii\/\",\"name\":\"Declara\u021bii - Turul Colinelor Bac\u0103u\",\"isPartOf\":{\"@id\":\"https:\/\/www.turulcolinelor.ro\/#website\"},\"datePublished\":\"2022-10-05T19:46:36+00:00\",\"dateModified\":\"2025-04-08T06:48:57+00:00\",\"description\":\"declara\u021bie pe proprie r\u0103spundere \u0219i acord participare minor la competi\u021bia Turul Colinelor Bacau 2022\",\"breadcrumb\":{\"@id\":\"https:\/\/www.turulcolinelor.ro\/declaratii\/#breadcrumb\"},\"inLanguage\":\"en-GB\",\"potentialAction\":[{\"@type\":\"ReadAction\",\"target\":[\"https:\/\/www.turulcolinelor.ro\/declaratii\/\"]}]},{\"@type\":\"BreadcrumbList\",\"@id\":\"https:\/\/www.turulcolinelor.ro\/declaratii\/#breadcrumb\",\"itemListElement\":[{\"@type\":\"ListItem\",\"position\":1,\"name\":\"Home\",\"item\":\"https:\/\/www.turulcolinelor.ro\/\"},{\"@type\":\"ListItem\",\"position\":2,\"name\":\"Declara\u021bii\"}]},{\"@type\":\"WebSite\",\"@id\":\"https:\/\/www.turulcolinelor.ro\/#website\",\"url\":\"https:\/\/www.turulcolinelor.ro\/\",\"name\":\"Turul Colinelor Bac\u0103u\",\"description\":\"Tradi\u021bia merge mai departe! Turul Colinelor 2023 vine cu un traseu nou, dar \u0219i cu multe alte nout\u0103\u021bi, a\u0219a c\u0103 fi\u021bi pe faz\u0103. Mai multe detalii \u00een cur\u00e2nd!\",\"potentialAction\":[{\"@type\":\"SearchAction\",\"target\":{\"@type\":\"EntryPoint\",\"urlTemplate\":\"https:\/\/www.turulcolinelor.ro\/?s={search_term_string}\"},\"query-input\":{\"@type\":\"PropertyValueSpecification\",\"valueRequired\":true,\"valueName\":\"search_term_string\"}}],\"inLanguage\":\"en-GB\"}]}<\/script>\n<!-- \/ Yoast SEO plugin. -->","yoast_head_json":{"title":"Declara\u021bii - Turul Colinelor Bac\u0103u","description":"declara\u021bie pe proprie r\u0103spundere \u0219i acord participare minor la competi\u021bia Turul Colinelor Bacau 2022","robots":{"index":"index","follow":"follow","max-snippet":"max-snippet:-1","max-image-preview":"max-image-preview:large","max-video-preview":"max-video-preview:-1"},"canonical":"https:\/\/www.turulcolinelor.ro\/en\/declaratii\/","og_locale":"en_GB","og_type":"article","og_title":"Declara\u021bii - Turul Colinelor Bac\u0103u","og_description":"declara\u021bie pe proprie r\u0103spundere \u0219i acord participare minor la competi\u021bia Turul Colinelor Bacau 2022","og_url":"https:\/\/www.turulcolinelor.ro\/en\/declaratii\/","og_site_name":"Turul Colinelor Bac\u0103u","article_modified_time":"2025-04-08T06:48:57+00:00","twitter_card":"summary_large_image","twitter_misc":{"Estimated reading time":"1 minute"},"schema":{"@context":"https:\/\/schema.org","@graph":[{"@type":"WebPage","@id":"https:\/\/www.turulcolinelor.ro\/declaratii\/","url":"https:\/\/www.turulcolinelor.ro\/declaratii\/","name":"Declara\u021bii - Turul Colinelor Bac\u0103u","isPartOf":{"@id":"https:\/\/www.turulcolinelor.ro\/#website"},"datePublished":"2022-10-05T19:46:36+00:00","dateModified":"2025-04-08T06:48:57+00:00","description":"declara\u021bie pe proprie r\u0103spundere \u0219i acord participare minor la competi\u021bia Turul Colinelor Bacau 2022","breadcrumb":{"@id":"https:\/\/www.turulcolinelor.ro\/declaratii\/#breadcrumb"},"inLanguage":"en-GB","potentialAction":[{"@type":"ReadAction","target":["https:\/\/www.turulcolinelor.ro\/declaratii\/"]}]},{"@type":"BreadcrumbList","@id":"https:\/\/www.turulcolinelor.ro\/declaratii\/#breadcrumb","itemListElement":[{"@type":"ListItem","position":1,"name":"Home","item":"https:\/\/www.turulcolinelor.ro\/"},{"@type":"ListItem","position":2,"name":"Declara\u021bii"}]},{"@type":"WebSite","@id":"https:\/\/www.turulcolinelor.ro\/#website","url":"https:\/\/www.turulcolinelor.ro\/","name":"Turul Colinelor Bac\u0103u","description":"Tradi\u021bia merge mai departe! Turul Colinelor 2023 vine cu un traseu nou, dar \u0219i cu multe alte nout\u0103\u021bi, a\u0219a c\u0103 fi\u021bi pe faz\u0103. Mai multe detalii \u00een cur\u00e2nd!","potentialAction":[{"@type":"SearchAction","target":{"@type":"EntryPoint","urlTemplate":"https:\/\/www.turulcolinelor.ro\/?s={search_term_string}"},"query-input":{"@type":"PropertyValueSpecification","valueRequired":true,"valueName":"search_term_string"}}],"inLanguage":"en-GB"}]}},"_links":{"self":[{"href":"https:\/\/www.turulcolinelor.ro\/en\/wp-json\/wp\/v2\/pages\/234","targetHints":{"allow":["GET"]}}],"collection":[{"href":"https:\/\/www.turulcolinelor.ro\/en\/wp-json\/wp\/v2\/pages"}],"about":[{"href":"https:\/\/www.turulcolinelor.ro\/en\/wp-json\/wp\/v2\/types\/page"}],"author":[{"embeddable":true,"href":"https:\/\/www.turulcolinelor.ro\/en\/wp-json\/wp\/v2\/users\/1"}],"replies":[{"embeddable":true,"href":"https:\/\/www.turulcolinelor.ro\/en\/wp-json\/wp\/v2\/comments?post=234"}],"version-history":[{"count":9,"href":"https:\/\/www.turulcolinelor.ro\/en\/wp-json\/wp\/v2\/pages\/234\/revisions"}],"predecessor-version":[{"id":529,"href":"https:\/\/www.turulcolinelor.ro\/en\/wp-json\/wp\/v2\/pages\/234\/revisions\/529"}],"wp:attachment":[{"href":"https:\/\/www.turulcolinelor.ro\/en\/wp-json\/wp\/v2\/media?parent=234"}],"curies":[{"name":"wp","href":"https:\/\/api.w.org\/{rel}","templated":true}]}}